{"version":"1.0","provider_name":"M\u0130SAK- Mill\u00ee Strateji Ara\u015ft\u0131rma Kurulu","provider_url":"https:\/\/millidusunce.com\/misak","title":"12 Eyl\u00fcl 1980 \u0130htilali ve Kurdu\u011fu D\u00fczen - M\u0130SAK- Mill\u00ee Strateji Ara\u015ft\u0131rma Kurulu","type":"rich","width":600,"height":338,"html":"<blockquote class=\"wp-embedded-content\" data-secret=\"6TwhdIzCRt\"><a href=\"https:\/\/millidusunce.com\/misak\/12-eylul-1980-ihtilali-ve-kurdugu-duzen\/\">12 Eyl\u00fcl 1980 \u0130htilali ve Kurdu\u011fu D\u00fczen<\/a><\/blockquote><iframe sandbox=\"allow-scripts\" security=\"restricted\" src=\"https:\/\/millidusunce.com\/misak\/12-eylul-1980-ihtilali-ve-kurdugu-duzen\/embed\/#?secret=6TwhdIzCRt\" width=\"600\" height=\"338\" title=\"&#8220;12 Eyl\u00fcl 1980 \u0130htilali ve Kurdu\u011fu D\u00fczen&#8221; &#8212; M\u0130SAK- Mill\u00ee Strateji Ara\u015ft\u0131rma Kurulu\" data-secret=\"6TwhdIzCRt\" frameborder=\"0\" marginwidth=\"0\" marginheight=\"0\" scrolling=\"no\" class=\"wp-embedded-content\"><\/iframe><script type=\"text\/javascript\">\n\/*! This file is auto-generated *\/\n!function(d,l){\"use strict\";var e=!1,o=!1;if(l.querySelector)if(d.addEventListener)e=!0;if(d.wp=d.wp||{},!d.wp.receiveEmbedMessage)if(d.wp.receiveEmbedMessage=function(e){var t=e.data;if(t)if(t.secret||t.message||t.value)if(!\/[^a-zA-Z0-9]\/.test(t.secret)){for(var r,a,i,s=l.querySelectorAll('iframe[data-secret=\"'+t.secret+'\"]'),n=l.querySelectorAll('blockquote[data-secret=\"'+t.secret+'\"]'),o=new RegExp(\"^https?:$\",\"i\"),c=0;c<n.length;c++)n[c].style.display=\"none\";for(c=0;c<s.length;c++)if(r=s[c],e.source===r.contentWindow){if(r.removeAttribute(\"style\"),\"height\"===t.message){if(1e3<(i=parseInt(t.value,10)))i=1e3;else if(~~i<200)i=200;r.height=i}if(\"link\"===t.message)if(a=l.createElement(\"a\"),i=l.createElement(\"a\"),a.href=r.getAttribute(\"src\"),i.href=t.value,o.test(i.protocol))if(i.host===a.host)if(l.activeElement===r)d.top.location.href=t.value}}},e)d.addEventListener(\"message\",d.wp.receiveEmbedMessage,!1),l.addEventListener(\"DOMContentLoaded\",t,!1),d.addEventListener(\"load\",t,!1);function t(){if(!o){o=!0;for(var e,t,r,a=-1!==navigator.appVersion.indexOf(\"MSIE 10\"),i=!!navigator.userAgent.match(\/Trident.*rv:11\\.\/),s=l.querySelectorAll(\"iframe.wp-embedded-content\"),n=0;n<s.length;n++){if(!(r=(t=s[n]).getAttribute(\"data-secret\")))r=Math.random().toString(36).substr(2,10),t.src+=\"#?secret=\"+r,t.setAttribute(\"data-secret\",r);if(a||i)(e=t.cloneNode(!0)).removeAttribute(\"security\"),t.parentNode.replaceChild(e,t);t.contentWindow.postMessage({message:\"ready\",secret:r},\"*\")}}}}(window,document);\n<\/script>\n","thumbnail_url":"https:\/\/millidusunce.com\/misak\/wp-content\/uploads\/2017\/09\/Evren-kaydet.jpg","thumbnail_width":453,"thumbnail_height":599,"description":"Eski Devlet Bakan\u0131 Sadi Somuncuo\u011flu ile 12 Eyl\u00fcl 1980 ihtilali hakk\u0131nda yap\u0131lan bu r\u00f6portajda ihtilali haz\u0131rlayan sebepler ve ihtilal sonras\u0131 kurulan d\u00fczen ele al\u0131n\u0131yor. Ayr\u0131ca d\u0131\u015f g\u00fc\u00e7lerin ihtilale yakla\u015f\u0131m\u0131 inceleniyor. G\u00fcn\u00fcm\u00fczde etkilerini hala g\u00fc\u00e7l\u00fc bir \u015fekilde hissetti\u011fimiz 12 Eyl\u00fcl ihtilaline y\u00f6nelik ana kaynak h\u00fcviyetindeki bir devlet adam\u0131n\u0131n fikirleri yans\u0131t\u0131l\u0131yor."}