{"version":"1.0","provider_name":"M\u0130SAK- Mill\u00ee Strateji Ara\u015ft\u0131rma Kurulu","provider_url":"https:\/\/millidusunce.com\/misak","title":"16. Y\u00fczy\u0131la kadar Osmanl\u0131 deniz g\u00fcc\u00fc - M\u0130SAK- Mill\u00ee Strateji Ara\u015ft\u0131rma Kurulu","type":"rich","width":600,"height":338,"html":"<blockquote class=\"wp-embedded-content\" data-secret=\"lOYvSUf8Ao\"><a href=\"https:\/\/millidusunce.com\/misak\/16-yuzyila-kadar-osmanli-deniz-gucu\/\">16. Y\u00fczy\u0131la kadar Osmanl\u0131 deniz g\u00fcc\u00fc<\/a><\/blockquote><iframe sandbox=\"allow-scripts\" security=\"restricted\" src=\"https:\/\/millidusunce.com\/misak\/16-yuzyila-kadar-osmanli-deniz-gucu\/embed\/#?secret=lOYvSUf8Ao\" width=\"600\" height=\"338\" title=\"&#8220;16. Y\u00fczy\u0131la kadar Osmanl\u0131 deniz g\u00fcc\u00fc&#8221; &#8212; M\u0130SAK- Mill\u00ee Strateji Ara\u015ft\u0131rma Kurulu\" data-secret=\"lOYvSUf8Ao\" frameborder=\"0\" marginwidth=\"0\" marginheight=\"0\" scrolling=\"no\" class=\"wp-embedded-content\"><\/iframe><script type=\"text\/javascript\">\n\/*! This file is auto-generated *\/\n!function(d,l){\"use strict\";var e=!1,o=!1;if(l.querySelector)if(d.addEventListener)e=!0;if(d.wp=d.wp||{},!d.wp.receiveEmbedMessage)if(d.wp.receiveEmbedMessage=function(e){var t=e.data;if(t)if(t.secret||t.message||t.value)if(!\/[^a-zA-Z0-9]\/.test(t.secret)){for(var r,a,i,s=l.querySelectorAll('iframe[data-secret=\"'+t.secret+'\"]'),n=l.querySelectorAll('blockquote[data-secret=\"'+t.secret+'\"]'),o=new RegExp(\"^https?:$\",\"i\"),c=0;c<n.length;c++)n[c].style.display=\"none\";for(c=0;c<s.length;c++)if(r=s[c],e.source===r.contentWindow){if(r.removeAttribute(\"style\"),\"height\"===t.message){if(1e3<(i=parseInt(t.value,10)))i=1e3;else if(~~i<200)i=200;r.height=i}if(\"link\"===t.message)if(a=l.createElement(\"a\"),i=l.createElement(\"a\"),a.href=r.getAttribute(\"src\"),i.href=t.value,o.test(i.protocol))if(i.host===a.host)if(l.activeElement===r)d.top.location.href=t.value}}},e)d.addEventListener(\"message\",d.wp.receiveEmbedMessage,!1),l.addEventListener(\"DOMContentLoaded\",t,!1),d.addEventListener(\"load\",t,!1);function t(){if(!o){o=!0;for(var e,t,r,a=-1!==navigator.appVersion.indexOf(\"MSIE 10\"),i=!!navigator.userAgent.match(\/Trident.*rv:11\\.\/),s=l.querySelectorAll(\"iframe.wp-embedded-content\"),n=0;n<s.length;n++){if(!(r=(t=s[n]).getAttribute(\"data-secret\")))r=Math.random().toString(36).substr(2,10),t.src+=\"#?secret=\"+r,t.setAttribute(\"data-secret\",r);if(a||i)(e=t.cloneNode(!0)).removeAttribute(\"security\"),t.parentNode.replaceChild(e,t);t.contentWindow.postMessage({message:\"ready\",secret:r},\"*\")}}}}(window,document);\n<\/script>\n","thumbnail_url":"https:\/\/millidusunce.com\/misak\/wp-content\/uploads\/2018\/04\/maxresdefault-11.jpg","thumbnail_width":1280,"thumbnail_height":720,"description":"1080'lere kadar uzanan T\u00fcrk denizcili\u011fi, Fatih Sultan Mehmed ile y\u00fckseli\u015fe ge\u00e7mi\u015f ve zirve d\u00f6nemlerini Kanuni Sultan S\u00fcleyman zaman\u0131nda ya\u015fam\u0131\u015ft\u0131r. Buna kar\u015f\u0131l\u0131k Osmanl\u0131, denizci bir devlet miydi ve ger\u00e7ekten g\u00fc\u00e7l\u00fc bir donanmaya ihtiyac\u0131 var m\u0131yd\u0131?"}