{"version":"1.0","provider_name":"M\u0130SAK- Mill\u00ee Strateji Ara\u015ft\u0131rma Kurulu","provider_url":"https:\/\/millidusunce.com\/misak","title":"Atat\u00fcrk\u2019\u00fcn izinde: Uygur ayd\u0131nlar\u0131n\u0131n m\u00fccadelesinde ilham kayna\u011f\u0131 - M\u0130SAK- Mill\u00ee Strateji Ara\u015ft\u0131rma Kurulu","type":"rich","width":600,"height":338,"html":"<blockquote class=\"wp-embedded-content\" data-secret=\"VQNj4Z56as\"><a href=\"https:\/\/millidusunce.com\/misak\/ataturkun-izinde-uygur-aydinlarinin-mucadelesinde-ilham-kaynagi\/\">Atat\u00fcrk\u2019\u00fcn izinde: Uygur ayd\u0131nlar\u0131n\u0131n m\u00fccadelesinde ilham kayna\u011f\u0131<\/a><\/blockquote><iframe sandbox=\"allow-scripts\" security=\"restricted\" src=\"https:\/\/millidusunce.com\/misak\/ataturkun-izinde-uygur-aydinlarinin-mucadelesinde-ilham-kaynagi\/embed\/#?secret=VQNj4Z56as\" width=\"600\" height=\"338\" title=\"&#8220;Atat\u00fcrk\u2019\u00fcn izinde: Uygur ayd\u0131nlar\u0131n\u0131n m\u00fccadelesinde ilham kayna\u011f\u0131&#8221; &#8212; M\u0130SAK- Mill\u00ee Strateji Ara\u015ft\u0131rma Kurulu\" data-secret=\"VQNj4Z56as\" frameborder=\"0\" marginwidth=\"0\" marginheight=\"0\" scrolling=\"no\" class=\"wp-embedded-content\"><\/iframe><script type=\"text\/javascript\">\n\/*! This file is auto-generated *\/\n!function(d,l){\"use strict\";var e=!1,o=!1;if(l.querySelector)if(d.addEventListener)e=!0;if(d.wp=d.wp||{},!d.wp.receiveEmbedMessage)if(d.wp.receiveEmbedMessage=function(e){var t=e.data;if(t)if(t.secret||t.message||t.value)if(!\/[^a-zA-Z0-9]\/.test(t.secret)){for(var r,a,i,s=l.querySelectorAll('iframe[data-secret=\"'+t.secret+'\"]'),n=l.querySelectorAll('blockquote[data-secret=\"'+t.secret+'\"]'),o=new RegExp(\"^https?:$\",\"i\"),c=0;c<n.length;c++)n[c].style.display=\"none\";for(c=0;c<s.length;c++)if(r=s[c],e.source===r.contentWindow){if(r.removeAttribute(\"style\"),\"height\"===t.message){if(1e3<(i=parseInt(t.value,10)))i=1e3;else if(~~i<200)i=200;r.height=i}if(\"link\"===t.message)if(a=l.createElement(\"a\"),i=l.createElement(\"a\"),a.href=r.getAttribute(\"src\"),i.href=t.value,o.test(i.protocol))if(i.host===a.host)if(l.activeElement===r)d.top.location.href=t.value}}},e)d.addEventListener(\"message\",d.wp.receiveEmbedMessage,!1),l.addEventListener(\"DOMContentLoaded\",t,!1),d.addEventListener(\"load\",t,!1);function t(){if(!o){o=!0;for(var e,t,r,a=-1!==navigator.appVersion.indexOf(\"MSIE 10\"),i=!!navigator.userAgent.match(\/Trident.*rv:11\\.\/),s=l.querySelectorAll(\"iframe.wp-embedded-content\"),n=0;n<s.length;n++){if(!(r=(t=s[n]).getAttribute(\"data-secret\")))r=Math.random().toString(36).substr(2,10),t.src+=\"#?secret=\"+r,t.setAttribute(\"data-secret\",r);if(a||i)(e=t.cloneNode(!0)).removeAttribute(\"security\"),t.parentNode.replaceChild(e,t);t.contentWindow.postMessage({message:\"ready\",secret:r},\"*\")}}}}(window,document);\n<\/script>\n","thumbnail_url":"https:\/\/millidusunce.com\/misak\/wp-content\/uploads\/2025\/05\/fotografsiz.jpg","thumbnail_width":1200,"thumbnail_height":800,"description":"Uygurlar\u0131n Atat\u00fcrk\u2019e duydu\u011fu bu sevgi ve ilgi de Uygurlar\u0131n di\u011fer pek \u00e7ok k\u00fclt\u00fcrel ve kimliksel \u00f6zellikleri gibi, \u00c7in devleti taraf\u0131ndan bir tehdit unsuru olarak g\u00f6r\u00fclmeye ba\u015fland\u0131. Atat\u00fcrk hakk\u0131nda yay\u0131mlanan bir kitab\u0131n edit\u00f6rl\u00fc\u011f\u00fcn\u00fc yapan Uygur akademisyen Ahmetcan Momin Tar\u0131mi, kitab\u0131n yay\u0131mlanmas\u0131ndan 18 y\u0131l sonra toplama kamp\u0131na g\u00f6nderildi."}