{"version":"1.0","provider_name":"M\u0130SAK- Mill\u00ee Strateji Ara\u015ft\u0131rma Kurulu","provider_url":"https:\/\/millidusunce.com\/misak","title":"IMF T\u00fcrkiye'ye neden geliyor? - M\u0130SAK- Mill\u00ee Strateji Ara\u015ft\u0131rma Kurulu","type":"rich","width":600,"height":338,"html":"<blockquote class=\"wp-embedded-content\" data-secret=\"9ZJp7xo3ep\"><a href=\"https:\/\/millidusunce.com\/misak\/imf-turkiyeye-neden-geliyor\/\">IMF T\u00fcrkiye&#8217;ye neden geliyor?<\/a><\/blockquote><iframe sandbox=\"allow-scripts\" security=\"restricted\" src=\"https:\/\/millidusunce.com\/misak\/imf-turkiyeye-neden-geliyor\/embed\/#?secret=9ZJp7xo3ep\" width=\"600\" height=\"338\" title=\"&#8220;IMF T\u00fcrkiye&#8217;ye neden geliyor?&#8221; &#8212; M\u0130SAK- Mill\u00ee Strateji Ara\u015ft\u0131rma Kurulu\" data-secret=\"9ZJp7xo3ep\" frameborder=\"0\" marginwidth=\"0\" marginheight=\"0\" scrolling=\"no\" class=\"wp-embedded-content\"><\/iframe><script type=\"text\/javascript\">\n\/*! This file is auto-generated *\/\n!function(d,l){\"use strict\";var e=!1,o=!1;if(l.querySelector)if(d.addEventListener)e=!0;if(d.wp=d.wp||{},!d.wp.receiveEmbedMessage)if(d.wp.receiveEmbedMessage=function(e){var t=e.data;if(t)if(t.secret||t.message||t.value)if(!\/[^a-zA-Z0-9]\/.test(t.secret)){for(var r,a,i,s=l.querySelectorAll('iframe[data-secret=\"'+t.secret+'\"]'),n=l.querySelectorAll('blockquote[data-secret=\"'+t.secret+'\"]'),o=new RegExp(\"^https?:$\",\"i\"),c=0;c<n.length;c++)n[c].style.display=\"none\";for(c=0;c<s.length;c++)if(r=s[c],e.source===r.contentWindow){if(r.removeAttribute(\"style\"),\"height\"===t.message){if(1e3<(i=parseInt(t.value,10)))i=1e3;else if(~~i<200)i=200;r.height=i}if(\"link\"===t.message)if(a=l.createElement(\"a\"),i=l.createElement(\"a\"),a.href=r.getAttribute(\"src\"),i.href=t.value,o.test(i.protocol))if(i.host===a.host)if(l.activeElement===r)d.top.location.href=t.value}}},e)d.addEventListener(\"message\",d.wp.receiveEmbedMessage,!1),l.addEventListener(\"DOMContentLoaded\",t,!1),d.addEventListener(\"load\",t,!1);function t(){if(!o){o=!0;for(var e,t,r,a=-1!==navigator.appVersion.indexOf(\"MSIE 10\"),i=!!navigator.userAgent.match(\/Trident.*rv:11\\.\/),s=l.querySelectorAll(\"iframe.wp-embedded-content\"),n=0;n<s.length;n++){if(!(r=(t=s[n]).getAttribute(\"data-secret\")))r=Math.random().toString(36).substr(2,10),t.src+=\"#?secret=\"+r,t.setAttribute(\"data-secret\",r);if(a||i)(e=t.cloneNode(!0)).removeAttribute(\"security\"),t.parentNode.replaceChild(e,t);t.contentWindow.postMessage({message:\"ready\",secret:r},\"*\")}}}}(window,document);\n<\/script>\n","thumbnail_url":"https:\/\/millidusunce.com\/misak\/wp-content\/uploads\/2023\/09\/CNN-Turk-ve-Turkiyeli.jpg","thumbnail_width":1200,"thumbnail_height":800,"description":"T\u00fcrkiye\u00a0 IMF ile 1947'de \u0130smet \u0130n\u00f6n\u00fc d\u00f6neminde tan\u0131\u015ft\u0131. \u0130lk \u00a0destekleme d\u00fczenlemesi 1 Ocak 1961'de bir y\u0131ll\u0131k s\u00fcreyle imzaland\u0131. 1961-1970 aras\u0131 her y\u0131l IMF ile \u00a0d\u00fczenleme\u00a0 yap\u0131ld\u0131. Anla\u015fmalar genellikle bir y\u0131l dolmadan sona erdi.1970\u2019ten 1978'e kadar IMF ile \u00a0d\u00fczenleme \u00a0yapmayan T\u00fcrkiye, 1978'ten 1980 y\u0131l\u0131na kadar yeniden birer y\u0131ll\u0131k anla\u015fmalara imza atm\u0131\u015ft\u0131r."}