{"version":"1.0","provider_name":"M\u0130SAK- Mill\u00ee Strateji Ara\u015ft\u0131rma Kurulu","provider_url":"https:\/\/millidusunce.com\/misak","title":"L\u00fcbnan ve \u00dcrd\u00fcn T\u00fcrklerinin tarih\u00ee k\u00f6klerine bak\u0131\u015f - M\u0130SAK- Mill\u00ee Strateji Ara\u015ft\u0131rma Kurulu","type":"rich","width":600,"height":338,"html":"<blockquote class=\"wp-embedded-content\" data-secret=\"WH9if7nXOV\"><a href=\"https:\/\/millidusunce.com\/misak\/lubnan-ve-urdun-turklerinin-tarihi-koklerine-bakis\/\">L\u00fcbnan ve \u00dcrd\u00fcn T\u00fcrklerinin tarih\u00ee k\u00f6klerine bak\u0131\u015f<\/a><\/blockquote><iframe sandbox=\"allow-scripts\" security=\"restricted\" src=\"https:\/\/millidusunce.com\/misak\/lubnan-ve-urdun-turklerinin-tarihi-koklerine-bakis\/embed\/#?secret=WH9if7nXOV\" width=\"600\" height=\"338\" title=\"&#8220;L\u00fcbnan ve \u00dcrd\u00fcn T\u00fcrklerinin tarih\u00ee k\u00f6klerine bak\u0131\u015f&#8221; &#8212; M\u0130SAK- Mill\u00ee Strateji Ara\u015ft\u0131rma Kurulu\" data-secret=\"WH9if7nXOV\" frameborder=\"0\" marginwidth=\"0\" marginheight=\"0\" scrolling=\"no\" class=\"wp-embedded-content\"><\/iframe><script type=\"text\/javascript\">\n\/*! This file is auto-generated *\/\n!function(d,l){\"use strict\";var e=!1,o=!1;if(l.querySelector)if(d.addEventListener)e=!0;if(d.wp=d.wp||{},!d.wp.receiveEmbedMessage)if(d.wp.receiveEmbedMessage=function(e){var t=e.data;if(t)if(t.secret||t.message||t.value)if(!\/[^a-zA-Z0-9]\/.test(t.secret)){for(var r,a,i,s=l.querySelectorAll('iframe[data-secret=\"'+t.secret+'\"]'),n=l.querySelectorAll('blockquote[data-secret=\"'+t.secret+'\"]'),o=new RegExp(\"^https?:$\",\"i\"),c=0;c<n.length;c++)n[c].style.display=\"none\";for(c=0;c<s.length;c++)if(r=s[c],e.source===r.contentWindow){if(r.removeAttribute(\"style\"),\"height\"===t.message){if(1e3<(i=parseInt(t.value,10)))i=1e3;else if(~~i<200)i=200;r.height=i}if(\"link\"===t.message)if(a=l.createElement(\"a\"),i=l.createElement(\"a\"),a.href=r.getAttribute(\"src\"),i.href=t.value,o.test(i.protocol))if(i.host===a.host)if(l.activeElement===r)d.top.location.href=t.value}}},e)d.addEventListener(\"message\",d.wp.receiveEmbedMessage,!1),l.addEventListener(\"DOMContentLoaded\",t,!1),d.addEventListener(\"load\",t,!1);function t(){if(!o){o=!0;for(var e,t,r,a=-1!==navigator.appVersion.indexOf(\"MSIE 10\"),i=!!navigator.userAgent.match(\/Trident.*rv:11\\.\/),s=l.querySelectorAll(\"iframe.wp-embedded-content\"),n=0;n<s.length;n++){if(!(r=(t=s[n]).getAttribute(\"data-secret\")))r=Math.random().toString(36).substr(2,10),t.src+=\"#?secret=\"+r,t.setAttribute(\"data-secret\",r);if(a||i)(e=t.cloneNode(!0)).removeAttribute(\"security\"),t.parentNode.replaceChild(e,t);t.contentWindow.postMessage({message:\"ready\",secret:r},\"*\")}}}}(window,document);\n<\/script>\n","thumbnail_url":"https:\/\/millidusunce.com\/misak\/wp-content\/uploads\/2025\/06\/ugur.jpg","thumbnail_width":1200,"thumbnail_height":800,"description":"1989\u2019da L\u00fcbnan ordusunda askerlik g\u00f6revi y\u00fcr\u00fcten Kava\u015fra k\u00f6y\u00fcnden Halit Esad, 1989 y\u0131l\u0131nda g\u00f6revi s\u0131ras\u0131nda T\u00fcrk\u00e7e konu\u015furken subay\u0131 taraf\u0131ndan fark edilip subay\u0131n Halit Esad\u2019\u0131 T\u00fcrkiye B\u00fcy\u00fckel\u00e7ili\u011fine g\u00f6t\u00fcrmesi ile unutulan L\u00fcbnan\u2019daki T\u00fcrk varl\u0131\u011f\u0131 ile T\u00fcrkiye Cumhuriyeti makamlar\u0131 aras\u0131nda ilk kez bir ili\u015fki kurulmu\u015ftur."}