{"version":"1.0","provider_name":"M\u0130SAK- Mill\u00ee Strateji Ara\u015ft\u0131rma Kurulu","provider_url":"https:\/\/millidusunce.com\/misak","title":"The Economist Dergisi\u2019nin ilgin\u00e7 se\u00e7im yorumu\u00a0 - M\u0130SAK- Mill\u00ee Strateji Ara\u015ft\u0131rma Kurulu","type":"rich","width":600,"height":338,"html":"<blockquote class=\"wp-embedded-content\" data-secret=\"EoPd7VIyhv\"><a href=\"https:\/\/millidusunce.com\/misak\/the-economist-dergisinin-ilginc-secim-yorumu\/\">The Economist Dergisi\u2019nin ilgin\u00e7 se\u00e7im yorumu\u00a0<\/a><\/blockquote><iframe sandbox=\"allow-scripts\" security=\"restricted\" src=\"https:\/\/millidusunce.com\/misak\/the-economist-dergisinin-ilginc-secim-yorumu\/embed\/#?secret=EoPd7VIyhv\" width=\"600\" height=\"338\" title=\"&#8220;The Economist Dergisi\u2019nin ilgin\u00e7 se\u00e7im yorumu\u00a0&#8221; &#8212; M\u0130SAK- Mill\u00ee Strateji Ara\u015ft\u0131rma Kurulu\" data-secret=\"EoPd7VIyhv\" frameborder=\"0\" marginwidth=\"0\" marginheight=\"0\" scrolling=\"no\" class=\"wp-embedded-content\"><\/iframe><script type=\"text\/javascript\">\n\/*! This file is auto-generated *\/\n!function(d,l){\"use strict\";var e=!1,o=!1;if(l.querySelector)if(d.addEventListener)e=!0;if(d.wp=d.wp||{},!d.wp.receiveEmbedMessage)if(d.wp.receiveEmbedMessage=function(e){var t=e.data;if(t)if(t.secret||t.message||t.value)if(!\/[^a-zA-Z0-9]\/.test(t.secret)){for(var r,a,i,s=l.querySelectorAll('iframe[data-secret=\"'+t.secret+'\"]'),n=l.querySelectorAll('blockquote[data-secret=\"'+t.secret+'\"]'),o=new RegExp(\"^https?:$\",\"i\"),c=0;c<n.length;c++)n[c].style.display=\"none\";for(c=0;c<s.length;c++)if(r=s[c],e.source===r.contentWindow){if(r.removeAttribute(\"style\"),\"height\"===t.message){if(1e3<(i=parseInt(t.value,10)))i=1e3;else if(~~i<200)i=200;r.height=i}if(\"link\"===t.message)if(a=l.createElement(\"a\"),i=l.createElement(\"a\"),a.href=r.getAttribute(\"src\"),i.href=t.value,o.test(i.protocol))if(i.host===a.host)if(l.activeElement===r)d.top.location.href=t.value}}},e)d.addEventListener(\"message\",d.wp.receiveEmbedMessage,!1),l.addEventListener(\"DOMContentLoaded\",t,!1),d.addEventListener(\"load\",t,!1);function t(){if(!o){o=!0;for(var e,t,r,a=-1!==navigator.appVersion.indexOf(\"MSIE 10\"),i=!!navigator.userAgent.match(\/Trident.*rv:11\\.\/),s=l.querySelectorAll(\"iframe.wp-embedded-content\"),n=0;n<s.length;n++){if(!(r=(t=s[n]).getAttribute(\"data-secret\")))r=Math.random().toString(36).substr(2,10),t.src+=\"#?secret=\"+r,t.setAttribute(\"data-secret\",r);if(a||i)(e=t.cloneNode(!0)).removeAttribute(\"security\"),t.parentNode.replaceChild(e,t);t.contentWindow.postMessage({message:\"ready\",secret:r},\"*\")}}}}(window,document);\n<\/script>\n","thumbnail_url":"https:\/\/millidusunce.com\/misak\/wp-content\/uploads\/2023\/05\/TURK-MILLIYETCISI-BIR-CUMHURBASKANI.jpg","thumbnail_width":1200,"thumbnail_height":800,"description":"The Economist Dergisi\u2019nin son say\u0131s\u0131nda, T\u00fcrk bayra\u011f\u0131n\u0131n yan\u0131 s\u0131ra \u201cErdo\u011fan gitmeli\u201d, \u201cDemokrasiyi kurtar\u0131n\u201d ve \u201cOy verin!\u201d ifadelerinin birer \u00e7\u0131kartma \u00fczerinde yer ald\u0131\u011f\u0131 g\u00f6rsel kullan\u0131lm\u0131\u015ft\u0131r. Ba\u015fyaz\u0131da, Erdo\u011fan\u2019\u0131n se\u00e7imi kaybetmesinin, t\u00fcm d\u00fcnyada demokratlara umut verece\u011fi a\u00e7\u0131klanm\u0131\u015ft\u0131r."}